{"id":26963,"date":"2018-08-02T15:33:20","date_gmt":"2018-08-02T18:33:20","guid":{"rendered":"https:\/\/www.brf-global.com\/?page_id=26963"},"modified":"2024-12-30T10:56:55","modified_gmt":"2024-12-30T13:56:55","slug":"sostenibilidad","status":"publish","type":"page","link":"https:\/\/www.brf-global.com\/es\/sostenibilidad\/","title":{"rendered":"Sostenibilidad"},"content":{"rendered":"<section class=\"section-banner-home \">\r\n    <div class=\"slide-banner-home\">\r\n                            <div class=\"content-banner-home com-forma \" style=\"background-image: url(https:\/\/www.brf-global.com\/wp-content\/uploads\/2024\/04\/banner1-1.png); background-size: \">\r\n                        <div class=\"container row\">\r\n                            <div class=\"col-md-7 img_mobile\">\r\n                                <img decoding=\"async\" src=\"https:\/\/www.brf-global.com\/wp-content\/uploads\/2024\/04\/banner1-1.png\" alt=\"\">\r\n                            <\/div>\r\n                            <div class=\"col-md-5 d-flex\">\r\n                                <div class=\"content-text\">\r\n                                    <h2>Sostenibilidad<\/h2>\n<p>A BRF, uma empresa global orientada pela sua preocupa\u00e7\u00e3o com o meio ambiente, o bem-estar animal, a promo\u00e7\u00e3o do desenvolvimento social e do consumo sustent\u00e1vel.<\/p>\n\r\n                                                                    <\/div>\r\n                            <\/div>\r\n                        <\/div>\r\n                    <\/div>\r\n                                        <\/div>\r\n<\/section>\n\n\n<section class=\"section-inovacao\" id=\"inovacao\">\n    <div class=\"row order-md-0\">\n        <div class=\"col-md-12 col-lg-6 d-none d-lg-block\">\n            <div class=\"content-img\">\n                <img decoding=\"async\" src=\"\/wp-content\/uploads\/2024\/04\/Grupo-de-mascara-3010.png\" alt=\"\">\n            <\/div>\n        <\/div>\n        <div class=\"col-md-12 col-lg-6\">\n            <div class=\"content-text\">\n                <h2>En BRF, la sostenibilidad es una pr\u00e1ctica diaria y forma parte de nuestro negocio.<\/h2>\n<p>Somos una de las empresas de alimentos m\u00e1s grandes del mundo, y esto requiere responsabilidad en nuestra forma de producir, transparencia y \u00e9tica en la conducci\u00f3n de los negocios. Demostrando la comprensi\u00f3n de la compa\u00f1\u00eda sobre la relevancia de los aspectos ESG (Ambientales, Sociales y de Gobernanza) y su papel como promotor del desarrollo sostenible, trabajamos para minimizar el impacto de nuestras operaciones en el medio ambiente, promover el desarrollo social, asegurar el bienestar animal y conservar los recursos naturales, generando valor para nuestros grupos de inter\u00e9s.<\/p>\n            <\/div>\n        <\/div>\n    <\/div>\n<\/section>\n\n\n\n<section class=\"section-quem-somos\">\n  <div class=\"container\">\n      <div class=\"bg-section\"><\/div>\n<div class=\"row d-flex w-100\">\n<div class=\"col-12\">\n      <h2>Plataforma de Sostenibilidad<\/h2>\n<h3 class=\"subtitulo\"Nuestra gesti\u00f3n de sostenibilidad se basa en seis pilares estrat\u00e9gicos, que est\u00e1n en sinergia con los temas m\u00e1s relevantes para el negocio, de acuerdo con nuestra matriz de materialidad.<\/h3>\n<\/div>\n<\/div>\n    <div class=\"row row-2 d-flex\">\n      <div class=\"col-lg-4 col-md-12 d-flex\">\n        <div class=\"content-box\">\n          <img decoding=\"async\" src=\"https:\/\/www.brf-global.com\/wp-content\/uploads\/2024\/04\/Gestao-de-Cadeia-de-Suprimentos.svg\" alt=\"\" class=\"img-box\">\n          <div class=\"px-20\">\n            <h3>Gesti\u00f3n de la cadena de suministro<\/h3>\n            <p>Abarca el control del origen de las materias primas y el compromiso de los proveedores con las mejores pr\u00e1cticas de sostenibilidad.<\/p>\n            <a href=\"https:\/\/www.brf-global.com\/es\/sostenibilidad\/cadena-de-proveedores\/\" class=\"saiba-mais btn\" target=\"_self\" rel=\"noopener\">P\u00e1gina de acceso<\/a>\n          <\/div>\n        <\/div>\n      <\/div>\n      <div class=\"col-lg-4 col-md-12 d-flex\">\n        <div class=\"content-box\">\n          <img decoding=\"async\" src=\"https:\/\/www.brf-global.com\/wp-content\/uploads\/2024\/04\/Bem-estar-animal.svg\" alt=\"\" class=\"img-box\">\n          <div class=\"px-20\">\n            <h3>Bienestar animal<\/h3>\n            <p>Gestiona la pr\u00e1ctica de manejo de animales, de acuerdo con el Programa Global de Bienestar <em>Animal Made<\/em> at BRF, que define pr\u00e1cticas y compromisos en la cr\u00eda, transporte y sacrificio de animales.<\/p>\n            <a href=\"https:\/\/www.brf-global.com\/es\/sostenibilidad\/bien-estar-animal\/\" class=\"saiba-mais btn\" target=\"_self\" rel=\"noopener\">P\u00e1gina de acceso<\/a>\n          <\/div>\n        <\/div>\n      <\/div>\n      <div class=\"col-lg-4 col-md-12 d-flex\">\n        <div class=\"content-box\">\n          <img decoding=\"async\" src=\"https:\/\/www.brf-global.com\/wp-content\/uploads\/2024\/04\/Mudancas-Climaticas.svg\" alt=\"\" class=\"img-box\">\n          <div class=\"px-20\">\n            <h3>Cambio clim\u00e1tico<\/h3>\n            <p>Busca mitigar los efectos del cambio clim\u00e1tico y contribuir al fortalecimiento de una econom\u00eda baja en carbono.<\/p>\n            <a href=\"https:\/\/www.brf-global.com\/en\/?page_id=31917\" class=\"saiba-mais btn\" target=\"_self\" rel=\"noopener\">P\u00e1gina de acceso<\/a>\n          <\/div>\n        <\/div>\n      <\/div>\n      <div class=\"col-lg-4 col-md-12 d-flex\">\n        <div class=\"content-box\">\n          <img decoding=\"async\" src=\"https:\/\/www.brf-global.com\/wp-content\/uploads\/2024\/04\/Recursos-Naturais.svg\" alt=\"\" class=\"img-box\">\n          <div class=\"px-20\">\n            <h3>Recursos naturales<\/h3>\n            <p>Promueve la gesti\u00f3n del consumo de agua y energ\u00eda en toda nuestra cadena de valor. Busca alternativas para la generaci\u00f3n de energ\u00eda a partir de fuentes limpias y renovables.<\/p>\n            <a href=\"https:\/\/www.brf-global.com\/es\/sostenibilidad\/ecoeficiencia\/\" class=\"saiba-mais btn\" target=\"_self\" rel=\"noopener\">P\u00e1gina de acceso<\/a>\n\n          <\/div>\n        <\/div>\n      <\/div>\n      <div class=\"col-lg-4 col-md-12 d-flex\">\n        <div class=\"content-box\">\n          <img decoding=\"async\" src=\"https:\/\/www.brf-global.com\/wp-content\/uploads\/2024\/04\/Economia-Circular-e-Gestao-de-Residuos.svg\" alt=\"\" class=\"img-box\">\n          <div class=\"px-20\">\n            <h3>Econom\u00eda Circular y Gesti\u00f3n de Residuos<\/h3>\n            <p>Promueve la reducci\u00f3n, el reciclaje y la reutilizaci\u00f3n de materiales a lo largo de la cadena de valor, desde los proveedores hasta la fase posconsumo.<\/p>\n            <a href=\"https:\/\/www.brf-global.com\/es\/sostenibilidad\/ecoeficiencia\/gestion-ambiental\/\" class=\"saiba-mais btn\" target=\"_self\" rel=\"noopener\">P\u00e1gina de acceso<\/a>\n\n          <\/div>\n        <\/div>\n      <\/div>\n      <div class=\"col-lg-4 col-md-12 d-flex\">\n        <div class=\"content-box\">\n          <img decoding=\"async\" src=\"https:\/\/www.brf-global.com\/wp-content\/uploads\/2024\/04\/Responsabilidade-Social.svg\" alt=\"\" class=\"img-box\">\n          <div class=\"px-20\">\n            <h3>Responsabilidad Social<\/h3>\n            <p>Busca difundir la inclusi\u00f3n, la diversidad y la educaci\u00f3n con el Instituto BRF, contribuyendo al desarrollo de las comunidades en las que estamos presentes.<\/p>\n            <a href=\"https:\/\/www.brf-global.com\/sobre\/diversidade\/\" class=\"saiba-mais btn\" target=\"_self\" rel=\"noopener\">P\u00e1gina de acceso<\/a>\n\n          <\/div>\n        <\/div>\n      <\/div>\n\n    <\/div>\n  <\/div>\n<\/section>\n\n\n\r\n<section class=\"section-inovacao  \" id=\"nossos-compromissos\">\r\n    <div class=\"row img-reverse  \">\r\n        <div class=\"col-xl-5 col-lg-5 px-0\">\r\n            <div class=\"content-img\">\r\n                <img decoding=\"async\" src=\"https:\/\/www.brf-global.com\/wp-content\/uploads\/2024\/04\/nossos-compromissos-sust.png\" alt=\"\">\r\n            <\/div>\r\n        <\/div>\r\n\r\n        <div class=\"col-xl-7 col-lg-7 px-4 px-xl-0 mt-5 mt-xl-0\">\r\n            <div class=\"content-text\">\r\n                <h2>Nuestros Compromisos y Metas<\/h2>\n<p>Para reforzar nuestra transparencia y nuestro compromiso con el desarrollo sostenible, hemos establecido compromisos ESG globales e interempresariales.<\/p>\n<p><a style=\"display: inline-block; margin-top: 20px;\" href=\"https:\/\/www.brf-global.com\/wp-content\/uploads\/2024\/04\/integrated-report-2023.pdf#page=65\" target=\"_blank\" rel=\"noopener\">Haz clic aqu\u00ed y echa un vistazo al progreso<\/a><\/p>\n            <\/div>\r\n        <\/div>\r\n    <\/div>\r\n<\/section>\n\n\n<section class=\"section-video-linha-tempo\">\n  <div class=\"bg-section\"><\/div>\n  <div class=\"container\">\n    <div class=\"row\">\n      <div class=\"col-md-12\">\n        <div class=\"content-video\">\n          <h2>Rankings e \u00edndices<\/h2>\n          <h3>Las iniciativas de sostenibilidad de BRF han recibido un reconocimiento constante en diversos rankings e \u00edndices, destacando el compromiso de la empresa y el progreso significativo en los \u00faltimos a\u00f1os hacia el desarrollo sostenible.<\/h3>\n\n          <div class=\"content-indices-imgs\">\n            <div><img decoding=\"async\" src=\"\/wp-content\/uploads\/2024\/04\/ISEB3.png\" alt=\"\"><\/div>\n            <div><img decoding=\"async\" src=\"\/wp-content\/uploads\/2024\/04\/MSCI.png\" alt=\"\"><\/div>\n            <div><img decoding=\"async\" src=\"\/wp-content\/uploads\/2024\/04\/FAIRR.png\" alt=\"\"><\/div>\n            <div><img decoding=\"async\" src=\"\/wp-content\/uploads\/2024\/04\/Sustainalytics.png\" alt=\"\"><\/div>\n            <div><img decoding=\"async\" src=\"\/wp-content\/uploads\/2024\/04\/BBFA.png\" alt=\"\"><\/div>\n            <div><img decoding=\"async\" src=\"\/wp-content\/uploads\/2024\/04\/ico2-b3.png\" alt=\"\"><\/div>\n          <\/div>\n        <\/div>\n      <\/div>\n    <\/div>\n  <\/div>\n<\/section>\n\n\n<section class=\"section-brands-home\">\r\n    <div class=\"title-section-brands\">\r\n        <p>Asociaciones y Asociaciones<\/p>\n    <\/div>\r\n            <div class=\"subtitle-section-brands\">\r\n            <p>Como empresa global, tambi\u00e9n buscamos colaborar para el desarrollo sostenible y la mejora de nuestras pr\u00e1cticas, as\u00ed como las de nuestra industria, a trav\u00e9s del networking. Iniciativas de voluntariado, asociaciones y entidades sectoriales son algunas de las alianzas que hemos firmado.<\/p>\n        <\/div>\r\n        \r\n\r\n    <div class=\"slide-brands-home\">\r\n                        <div class=\"slide-item\">\r\n                                            <span>\r\n                            <img decoding=\"async\" src=\"https:\/\/www.brf-global.com\/wp-content\/uploads\/2024\/04\/INOVA-2030-do-Pacto-Global-da-ONU.svg\" alt=\"\">\r\n                        <\/span>\r\n                                    <\/div>\r\n                            <div class=\"slide-item\">\r\n                                            <span>\r\n                            <img decoding=\"async\" src=\"https:\/\/www.brf-global.com\/wp-content\/uploads\/2024\/04\/Global-Reporting-Initiative-GRI.svg\" alt=\"\">\r\n                        <\/span>\r\n                                    <\/div>\r\n                            <div class=\"slide-item\">\r\n                                            <span>\r\n                            <img decoding=\"async\" src=\"https:\/\/www.brf-global.com\/wp-content\/uploads\/2024\/04\/ODS-1.png\" alt=\"\">\r\n                        <\/span>\r\n                                    <\/div>\r\n                            <div class=\"slide-item\">\r\n                                            <span>\r\n                            <img decoding=\"async\" src=\"https:\/\/www.brf-global.com\/wp-content\/uploads\/2024\/04\/International-Integrated-Reporting-Council-IIRC.png\" alt=\"\">\r\n                        <\/span>\r\n                                    <\/div>\r\n                            <div class=\"slide-item\">\r\n                                            <span>\r\n                            <img decoding=\"async\" src=\"https:\/\/www.brf-global.com\/wp-content\/uploads\/2024\/04\/Science-Based-Targets-initiative-SBTi.svg\" alt=\"\">\r\n                        <\/span>\r\n                                    <\/div>\r\n                            <div class=\"slide-item\">\r\n                                            <span>\r\n                            <img decoding=\"async\" src=\"https:\/\/www.brf-global.com\/wp-content\/uploads\/2024\/04\/Round-Table-on-Responsible-Soy-RTRS.svg\" alt=\"\">\r\n                        <\/span>\r\n                                    <\/div>\r\n                            <div class=\"slide-item\">\r\n                                            <span>\r\n                            <img decoding=\"async\" src=\"https:\/\/www.brf-global.com\/wp-content\/uploads\/2024\/04\/Reciclar-pelo-Brasil.svg\" alt=\"\">\r\n                        <\/span>\r\n                                    <\/div>\r\n                            <div class=\"slide-item\">\r\n                                            <span>\r\n                            <img decoding=\"async\" src=\"https:\/\/www.brf-global.com\/wp-content\/uploads\/2024\/04\/Pacto-Nacional-pela-Erradicacao-do-Trabalho-Escravo-InPacto.svg\" alt=\"\">\r\n                        <\/span>\r\n                                    <\/div>\r\n                            <div class=\"slide-item\">\r\n                                            <span>\r\n                            <img decoding=\"async\" src=\"https:\/\/www.brf-global.com\/wp-content\/uploads\/2024\/04\/Coalizao-Brasil-Clima.svg\" alt=\"\">\r\n                        <\/span>\r\n                                    <\/div>\r\n                            <div class=\"slide-item\">\r\n                                            <span>\r\n                            <img decoding=\"async\" src=\"https:\/\/www.brf-global.com\/wp-content\/uploads\/2024\/04\/Grupo-de-Institutos-Fundacoes-e-Empresas-Gife.png\" alt=\"\">\r\n                        <\/span>\r\n                                    <\/div>\r\n                            <div class=\"slide-item\">\r\n                                            <span>\r\n                            <img decoding=\"async\" src=\"https:\/\/www.brf-global.com\/wp-content\/uploads\/2024\/04\/Mover-1.png\" alt=\"\">\r\n                        <\/span>\r\n                                    <\/div>\r\n                            <div class=\"slide-item\">\r\n                                            <span>\r\n                            <img decoding=\"async\" src=\"https:\/\/www.brf-global.com\/wp-content\/uploads\/2024\/04\/Empresas-com-Refugiados-aderimos-ao-Forum-Empresas-com-Refugiados-da-ONU-em-2022.png\" alt=\"\">\r\n                        <\/span>\r\n                                    <\/div>\r\n                            <div class=\"slide-item\">\r\n                                            <span>\r\n                            <img decoding=\"async\" src=\"https:\/\/www.brf-global.com\/wp-content\/uploads\/2024\/04\/Instituto-Ethos.png\" alt=\"\">\r\n                        <\/span>\r\n                                    <\/div>\r\n                        <\/div>\r\n<\/section>\n\n\r\n<section class=\"section-inovacao  \" id=\"central-de-conteudo\">\r\n    <div class=\"row order-md-0  \">\r\n        <div class=\"col-xl-5 col-lg-5 px-0\">\r\n            <div class=\"content-img\">\r\n                <img decoding=\"async\" src=\"https:\/\/www.brf-global.com\/wp-content\/uploads\/2024\/04\/Central-de-conteudo.png\" alt=\"\">\r\n            <\/div>\r\n        <\/div>\r\n\r\n        <div class=\"col-xl-7 col-lg-7 px-4 px-xl-0 mt-5 mt-xl-0\">\r\n            <div class=\"content-text\">\r\n                <h2>Centro de contenido<\/h2>\n<h4>En esta secci\u00f3n, puedes ver los principales documentos relacionados con la agenda de sostenibilidad de la Compa\u00f1\u00eda.<\/h4>\n<p>Conocer, entre otros documentos, nuestra Pol\u00edtica de Sostenibilidad y los lineamientos de la Compa\u00f1\u00eda en cuanto a compromisos y principios a aplicar en el negocio, con foco en la incorporaci\u00f3n de aspectos ambientales, sociales, de gobernanza y financieros en las pr\u00e1cticas y gesti\u00f3n de la Compa\u00f1\u00eda.<\/p>\n<p><a style=\"display: inline-block; margin-top: 20px;\" href=\"https:\/\/www.brf-global.com\/sustentabilidade\/central-de-conteudo\/\">Acceso<\/a><\/p>\n            <\/div>\r\n        <\/div>\r\n    <\/div>\r\n<\/section>","protected":false},"excerpt":{"rendered":"<p>Convivimos con el desaf\u00edo de construir una cadena integrada y balanceada, generando valor para todos los p\u00fablicos que componen nuestra red.<\/p>\n","protected":false},"author":1,"featured_media":0,"parent":0,"menu_order":16,"comment_status":"closed","ping_status":"closed","template":"template-pages\/template-sustentabilidade-home.php","meta":{"_acf_changed":false,"footnotes":""},"yst_prominent_words":[],"class_list":["post-26963","page","type-page","status-publish","hentry"],"acf":[],"_links":{"self":[{"href":"https:\/\/www.brf-global.com\/es\/wp-json\/wp\/v2\/pages\/26963","targetHints":{"allow":["GET"]}}],"collection":[{"href":"https:\/\/www.brf-global.com\/es\/wp-json\/wp\/v2\/pages"}],"about":[{"href":"https:\/\/www.brf-global.com\/es\/wp-json\/wp\/v2\/types\/page"}],"author":[{"embeddable":true,"href":"https:\/\/www.brf-global.com\/es\/wp-json\/wp\/v2\/users\/1"}],"replies":[{"embeddable":true,"href":"https:\/\/www.brf-global.com\/es\/wp-json\/wp\/v2\/comments?post=26963"}],"version-history":[{"count":5,"href":"https:\/\/www.brf-global.com\/es\/wp-json\/wp\/v2\/pages\/26963\/revisions"}],"predecessor-version":[{"id":36049,"href":"https:\/\/www.brf-global.com\/es\/wp-json\/wp\/v2\/pages\/26963\/revisions\/36049"}],"wp:attachment":[{"href":"https:\/\/www.brf-global.com\/es\/wp-json\/wp\/v2\/media?parent=26963"}],"wp:term":[{"taxonomy":"yst_prominent_words","embeddable":true,"href":"https:\/\/www.brf-global.com\/es\/wp-json\/wp\/v2\/yst_prominent_words?post=26963"}],"curies":[{"name":"wp","href":"https:\/\/api.w.org\/{rel}","templated":true}]}}