{"id":27137,"date":"2018-08-03T14:18:57","date_gmt":"2018-08-03T17:18:57","guid":{"rendered":"https:\/\/www.brf-global.com\/?page_id=27137"},"modified":"2018-08-09T21:35:53","modified_gmt":"2018-08-10T00:35:53","slug":"nuestra-historia","status":"publish","type":"page","link":"https:\/\/www.brf-global.com\/es\/acerca-de\/a-brf\/nuestra-historia\/","title":{"rendered":"Nuestra historia"},"content":{"rendered":"<p>Con m\u00e1s de 80 a\u00f1os de vida, BRF se ha convertido en una de las mayores compa\u00f1\u00edas de alimentos del mundo, gracias al nacimiento de sus principales marcas. Fue en la d\u00e9cada de 1930, en el interior de Santa Catarina, que <a href=\"http:\/\/www.perdigao.com.br\/\" target=\"_blank\" rel=\"noopener\">Perdig\u00e3o<\/a> surge como un peque\u00f1o negocio de dos familias de inmigrantes italianos. En la d\u00e9cada siguiente, fue la vez de Concordia, tambi\u00e9n en Santa Catarina, recibir <a href=\"http:\/\/www.sadia.com.br\" target=\"_blank\" rel=\"noopener\">Sadia<\/a>. Desde entonces hasta hoy, la fusi\u00f3n de estos dos negocios, en 2009, dio origen a uno de los mayores complejos agroindustriales del mundo, BRF.<\/p>\n<p>\u00a1Compruebe en nuestra l\u00ednea del tiempo todas las realizaciones e innovaci\u00f3n que hicieron que BRF saliera del interior de Brasil y conquistar el mundo!<\/p>\n<div class=\"w w--timeline w--prod\">\u00a0<div class=\"brf-timeline\"><div class=\"brf-timeline__tabs\"><a href=\"#group-1930\" data-id=\"group-1930\" class=\"brf-timeline__tab-link brf-timeline__tab-link--active\">1930<\/a><a href=\"#group-1940\" data-id=\"group-1940\" class=\"brf-timeline__tab-link \">1940<\/a><a href=\"#group-1950\" data-id=\"group-1950\" class=\"brf-timeline__tab-link \">1950<\/a><a href=\"#group-1960\" data-id=\"group-1960\" class=\"brf-timeline__tab-link \">1960<\/a><a href=\"#group-1970\" data-id=\"group-1970\" class=\"brf-timeline__tab-link \">1970<\/a><a href=\"#group-1980\" data-id=\"group-1980\" class=\"brf-timeline__tab-link \">1980<\/a><a href=\"#group-1990\" data-id=\"group-1990\" class=\"brf-timeline__tab-link \">1990<\/a><a href=\"#group-2000\" data-id=\"group-2000\" class=\"brf-timeline__tab-link \">2000<\/a><a href=\"#group-2010\" data-id=\"group-2010\" class=\"brf-timeline__tab-link \">2010<\/a><\/div><div class='brf-timeline__panels'><div id='group-1930' class='brf-timeline__panels-group brf-timeline__panels-group--active' data-qtt=''><div class=\"brf-timeline__panel\"><div class=\"brf-timeline__item\"><button class=\"slick-prev slick-arrow\" aria-label=\"Previous\" type=\"button\" aria-disabled=\"false\" style=\"display: none;\">Previous<\/button><div class=\"brf-timeline__image-container \"><img decoding=\"async\" src=\"https:\/\/www.brf-global.com\/wp-content\/uploads\/2018\/03\/brf_site_linha-do-tempo_v2-01-290x290.png\" class=\"brf-timeline__image\" alt=\"Nace Perdig\u00e3o\"><\/div><div class=\"brf-timeline__panel-content\"><h2 class=\"brf-timeline__panel-title\">Nace Perdig\u00e3o<\/h2><div class=\"brf-timeline__panel-text\"><p>En los primeros a\u00f1os de la d\u00e9cada de los 30, en Videira (Santa Catarina &#8211; SC, Brasil), los descendientes de dos familias de inmigrantes italianos \u2013 los Brandalise y los Ponzoni \u2013 establecieron un peque\u00f1o negocio cuyo crecimiento origin\u00f3 uno de los mayores complejos agroindustriales del mundo: Perdig\u00e3o.<\/p>\n<\/div><\/div><button class=\"slick-next slick-arrow\" aria-label=\"Next\" type=\"button\" style=\"display: none;\" aria-disabled=\"false\">Next<\/button><\/div><\/div><\/div> <!-- group --><div id='group-1940' class='brf-timeline__panels-group ' data-qtt=''><div class=\"brf-timeline__panel\"><div class=\"brf-timeline__item\"><button class=\"slick-prev slick-arrow\" aria-label=\"Previous\" type=\"button\" aria-disabled=\"false\" style=\"display: none;\">Previous<\/button><div class=\"brf-timeline__image-container \"><img decoding=\"async\" src=\"https:\/\/www.brf-global.com\/wp-content\/uploads\/2018\/03\/brf_site_linha-do-tempo_v2-02-290x290.png\" class=\"brf-timeline__image\" alt=\"Nace Sadia\"><\/div><div class=\"brf-timeline__panel-content\"><h2 class=\"brf-timeline__panel-title\">Nace Sadia<\/h2><div class=\"brf-timeline__panel-text\"><p>En el inicio de los a\u00f1os 40 empieza la historia de Sadia. Creada por Attilio Fontana, en Conc\u00f3rdia (SC), la compa\u00f1\u00eda presentaba sus valores originarios: respeto hacia el trabajo, cuidado con la tierra y valorizaci\u00f3n de la t\u00e9cnica.<\/p>\n<\/div><\/div><button class=\"slick-next slick-arrow\" aria-label=\"Next\" type=\"button\" style=\"display: none;\" aria-disabled=\"false\">Next<\/button><\/div><\/div><div class=\"brf-timeline__panel\"><div class=\"brf-timeline__item\"><button class=\"slick-prev slick-arrow\" aria-label=\"Previous\" type=\"button\" aria-disabled=\"false\" style=\"display: none;\">Previous<\/button><div class=\"brf-timeline__image-container \"><img decoding=\"async\" src=\"https:\/\/www.brf-global.com\/wp-content\/uploads\/2018\/03\/brf_site_linha-do-tempo_v2-03-290x290.png\" class=\"brf-timeline__image\" alt=\"\u00bfPor qu\u00e9 se llama Sadia?\"><\/div><div class=\"brf-timeline__panel-content\"><h2 class=\"brf-timeline__panel-title\">\u00bfPor qu\u00e9 se llama Sadia?<\/h2><div class=\"brf-timeline__panel-text\"><p>El nombre se debe a la uni\u00f3n entre \u00abS.A.\u00bb y las tres \u00faltimas letras del nombre del municipio de Conc\u00f3rdia. En ese mismo a\u00f1o, la compa\u00f1\u00eda abri\u00f3 su primera distribuidora en S\u00e3o Paulo (SP) y pas\u00f3 a ser una marca registrada.<\/p>\n<\/div><\/div><button class=\"slick-next slick-arrow\" aria-label=\"Next\" type=\"button\" style=\"display: none;\" aria-disabled=\"false\">Next<\/button><\/div><\/div><\/div> <!-- group --><div id='group-1950' class='brf-timeline__panels-group ' data-qtt=''><div class=\"brf-timeline__panel\"><div class=\"brf-timeline__item\"><button class=\"slick-prev slick-arrow\" aria-label=\"Previous\" type=\"button\" aria-disabled=\"false\" style=\"display: none;\">Previous<\/button><div class=\"brf-timeline__image-container \"><img decoding=\"async\" src=\"https:\/\/www.brf-global.com\/wp-content\/uploads\/2018\/03\/brf_site_linha-do-tempo_v2-04-290x290.png\" class=\"brf-timeline__image\" alt=\"Sadia conquista el Eje Rio\/S\u00e3o Paulo\"><\/div><div class=\"brf-timeline__panel-content\"><h2 class=\"brf-timeline__panel-title\">Sadia conquista el Eje Rio\/S\u00e3o Paulo<\/h2><div class=\"brf-timeline__panel-text\"><p>Con m\u00e1s experiencia, la compa\u00f1\u00eda pas\u00f3 a actuar en el principal eje comercial brasile\u00f1o, Rio de Janeiro e S\u00e3o Paulo. Para eso, compr\u00f3 su primer avi\u00f3n. En aquella \u00e9poca no hab\u00eda todav\u00eda los camiones frigor\u00edficos, as\u00ed que la postura pionera de la compa\u00f1\u00eda populariz\u00f3 nacionalmente los productos.<\/p>\n<\/div><\/div><button class=\"slick-next slick-arrow\" aria-label=\"Next\" type=\"button\" style=\"display: none;\" aria-disabled=\"false\">Next<\/button><\/div><\/div><div class=\"brf-timeline__panel\"><div class=\"brf-timeline__item\"><button class=\"slick-prev slick-arrow\" aria-label=\"Previous\" type=\"button\" aria-disabled=\"false\" style=\"display: none;\">Previous<\/button><div class=\"brf-timeline__image-container \"><img decoding=\"async\" src=\"https:\/\/www.brf-global.com\/wp-content\/uploads\/2018\/03\/brf_site_linha-do-tempo_v2-05-290x290.png\" class=\"brf-timeline__image\" alt=\"Sadia expande sus sedes\"><\/div><div class=\"brf-timeline__panel-content\"><h2 class=\"brf-timeline__panel-title\">Sadia expande sus sedes<\/h2><div class=\"brf-timeline__panel-text\"><p>La primera sede fuera de Conc\u00f3rdia se inaugur\u00f3 en la ciudad de S\u00e3o Paulo. Moinho da Lapa S.A. agreg\u00f3 credibilidad y demostr\u00f3 la experiencia y la visi\u00f3n estrat\u00e9gica de la marca.<\/p>\n<\/div><\/div><button class=\"slick-next slick-arrow\" aria-label=\"Next\" type=\"button\" style=\"display: none;\" aria-disabled=\"false\">Next<\/button><\/div><\/div><\/div> <!-- group --><div id='group-1960' class='brf-timeline__panels-group ' data-qtt=''><div class=\"brf-timeline__panel\"><div class=\"brf-timeline__item\"><button class=\"slick-prev slick-arrow\" aria-label=\"Previous\" type=\"button\" aria-disabled=\"false\" style=\"display: none;\">Previous<\/button><div class=\"brf-timeline__image-container \"><img decoding=\"async\" src=\"https:\/\/www.brf-global.com\/wp-content\/uploads\/2018\/03\/brf_site_linha-do-tempo_v2-06-290x290.png\" class=\"brf-timeline__image\" alt=\"Sadia sigue invirtiendo\"><\/div><div class=\"brf-timeline__panel-content\"><h2 class=\"brf-timeline__panel-title\">Sadia sigue invirtiendo<\/h2><div class=\"brf-timeline__panel-text\"><p>La compa\u00f1\u00eda decide construir, en S\u00e3o Paulo, Frigobr\u00e1s (Companhia Brasileira de Frigor\u00edficos). As\u00ed, ingresa en el segmento de precocinados y congelados. En el mismo periodo, se cre\u00f3 en Consejo de Administraci\u00f3n, y se celebraron los primeros contratos para la exportaci\u00f3n de carnes. Sadia da su primer paso para conquistar el mundo.<\/p>\n<\/div><\/div><button class=\"slick-next slick-arrow\" aria-label=\"Next\" type=\"button\" style=\"display: none;\" aria-disabled=\"false\">Next<\/button><\/div><\/div><\/div> <!-- group --><div id='group-1970' class='brf-timeline__panels-group ' data-qtt=''><div class=\"brf-timeline__panel\"><div class=\"brf-timeline__item\"><button class=\"slick-prev slick-arrow\" aria-label=\"Previous\" type=\"button\" aria-disabled=\"false\" style=\"display: none;\">Previous<\/button><div class=\"brf-timeline__image-container \"><img decoding=\"async\" src=\"https:\/\/www.brf-global.com\/wp-content\/uploads\/2018\/03\/brf_site_linha-do-tempo_v2-07-290x290.png\" class=\"brf-timeline__image\" alt=\"Nace la mascota de Sadia\"><\/div><div class=\"brf-timeline__panel-content\"><h2 class=\"brf-timeline__panel-title\">Nace la mascota de Sadia<\/h2><div class=\"brf-timeline__panel-text\"><p>En el momento de las primeras apariciones de la marca en los medios, en raz\u00f3n del lanzamiento de productos precocinados y congelados, nace la mascota de Sadia, creada por los publicitarios Francesc Petit y Washington Olivetto, de DPZ. La primera animaci\u00f3n, en trazos, exhibida en televisores en blanco y negro, presenta el carism\u00e1tico pavo ayudando a un ama de casa en apuros a causa de la cena.<\/p>\n<\/div><\/div><button class=\"slick-next slick-arrow\" aria-label=\"Next\" type=\"button\" style=\"display: none;\" aria-disabled=\"false\">Next<\/button><\/div><\/div><div class=\"brf-timeline__panel\"><div class=\"brf-timeline__item\"><button class=\"slick-prev slick-arrow\" aria-label=\"Previous\" type=\"button\" aria-disabled=\"false\" style=\"display: none;\">Previous<\/button><div class=\"brf-timeline__image-container \"><img decoding=\"async\" src=\"https:\/\/www.brf-global.com\/wp-content\/uploads\/2018\/03\/brf_site_linha-do-tempo_v2-08-290x290.png\" class=\"brf-timeline__image\" alt=\"Sadia lanza lo que viene a ser su mayor \u00e9xito\"><\/div><div class=\"brf-timeline__panel-content\"><h2 class=\"brf-timeline__panel-title\">Sadia lanza lo que viene a ser su mayor \u00e9xito<\/h2><div class=\"brf-timeline__panel-text\"><p>El Pavo Condimentado Sadia se convirti\u00f3 en el mayor \u00e9xito de toda la historia de la compa\u00f1\u00eda, lo que consolida su liderazgo en las ventas de carne de pavo en Brasil. El a\u00f1o siguiente, empiezan las exportaciones de pollo al Medio Oriente, y Sadia asume el liderazgo entre los exportadores nacionales.<\/p>\n<\/div><\/div><button class=\"slick-next slick-arrow\" aria-label=\"Next\" type=\"button\" style=\"display: none;\" aria-disabled=\"false\">Next<\/button><\/div><\/div><div class=\"brf-timeline__panel\"><div class=\"brf-timeline__item\"><button class=\"slick-prev slick-arrow\" aria-label=\"Previous\" type=\"button\" aria-disabled=\"false\" style=\"display: none;\">Previous<\/button><div class=\"brf-timeline__image-container \"><img decoding=\"async\" src=\"https:\/\/www.brf-global.com\/wp-content\/uploads\/2018\/03\/brf_site_linha-do-tempo_v2-09-290x290.png\" class=\"brf-timeline__image\" alt=\"Primera exportaci\u00f3n de Perdig\u00e3o\"><\/div><div class=\"brf-timeline__panel-content\"><h2 class=\"brf-timeline__panel-title\">Primera exportaci\u00f3n de Perdig\u00e3o<\/h2><div class=\"brf-timeline__panel-text\"><p>Se construye el primer matadero exclusivo para aves en la ciudad de Videira (SC). As\u00ed, Perdig\u00e3o se convierte en una de las pioneras en la exportaci\u00f3n de carne de pollo en Brasil, cuyo destino fue Arabia Saudita.<\/p>\n<\/div><\/div><button class=\"slick-next slick-arrow\" aria-label=\"Next\" type=\"button\" style=\"display: none;\" aria-disabled=\"false\">Next<\/button><\/div><\/div><div class=\"brf-timeline__panel\"><div class=\"brf-timeline__item\"><button class=\"slick-prev slick-arrow\" aria-label=\"Previous\" type=\"button\" aria-disabled=\"false\" style=\"display: none;\">Previous<\/button><div class=\"brf-timeline__image-container \"><img decoding=\"async\" src=\"https:\/\/www.brf-global.com\/wp-content\/uploads\/2018\/03\/brf_site_linha-do-tempo_v2-10-290x290.png\" class=\"brf-timeline__image\" alt=\"Nace el Chester\u00ae Perdig\u00e3o\"><\/div><div class=\"brf-timeline__panel-content\"><h2 class=\"brf-timeline__panel-title\">Nace el Chester\u00ae Perdig\u00e3o<\/h2><div class=\"brf-timeline__panel-text\"><p>Con el fin de ofrecer al mercado una alternativa con relaci\u00f3n al consumo de carne de aves, Perdig\u00e3o importa de los Estados Unidos las primeras matrices de la especie Gallus gallus e inicia un programa de mejoramiento gen\u00e9tico. El objetivo es el de desarrollar un ave especial, con un 70% de sus carnes concentradas en la pechuga y en los muslos.  As\u00ed nace la marca Chester\u00ae.<\/p>\n<\/div><\/div><button class=\"slick-next slick-arrow\" aria-label=\"Next\" type=\"button\" style=\"display: none;\" aria-disabled=\"false\">Next<\/button><\/div><\/div><\/div> <!-- group --><div id='group-1980' class='brf-timeline__panels-group ' data-qtt=''><div class=\"brf-timeline__panel\"><div class=\"brf-timeline__item\"><button class=\"slick-prev slick-arrow\" aria-label=\"Previous\" type=\"button\" aria-disabled=\"false\" style=\"display: none;\">Previous<\/button><div class=\"brf-timeline__image-container \"><img decoding=\"async\" src=\"https:\/\/www.brf-global.com\/wp-content\/uploads\/2018\/03\/brf_site_linha-do-tempo_v2-11-290x290.png\" class=\"brf-timeline__image\" alt=\"Sadia se aproxima al consumidor\"><\/div><div class=\"brf-timeline__panel-content\"><h2 class=\"brf-timeline__panel-title\">Sadia se aproxima al consumidor<\/h2><div class=\"brf-timeline__panel-text\"><p>En ese a\u00f1o, la compa\u00f1\u00eda crea el primer canal directo entre el consumidor y una empresa del sector alimentario. La creaci\u00f3n del SIC &#8211; Servi\u00e7o de Informa\u00e7\u00f5es ao Consumidor Sadia, es considerado como un s\u00edmbolo de transparencia y respeto de la compa\u00f1\u00eda hacia sus clientes. <\/p>\n<\/div><\/div><button class=\"slick-next slick-arrow\" aria-label=\"Next\" type=\"button\" style=\"display: none;\" aria-disabled=\"false\">Next<\/button><\/div><\/div><div class=\"brf-timeline__panel\"><div class=\"brf-timeline__item\"><button class=\"slick-prev slick-arrow\" aria-label=\"Previous\" type=\"button\" aria-disabled=\"false\" style=\"display: none;\">Previous<\/button><div class=\"brf-timeline__image-container \"><img decoding=\"async\" src=\"https:\/\/www.brf-global.com\/wp-content\/uploads\/2018\/03\/brf_site_linha-do-tempo_v2-12-290x290.png\" class=\"brf-timeline__image\" alt=\"La mascota de Sadia recibe un nombre\"><\/div><div class=\"brf-timeline__panel-content\"><h2 class=\"brf-timeline__panel-title\">La mascota de Sadia recibe un nombre<\/h2><div class=\"brf-timeline__panel-text\"><p>Tras 14 a\u00f1os desde su creaci\u00f3n, surge la idea de darle a la mascota de la marca un nombre oficial. En ese a\u00f1o, Sadia promueve un concurso cultural abierto para la elecci\u00f3n del nombre. La mascota pasa a llamarse Lek Trek, sugerencia de una consumidora que tradujo perfectamente la personalidad cari\u00f1osa y, al mismo tiempo, espabilada de la mascota de Sadia.<\/p>\n<\/div><\/div><button class=\"slick-next slick-arrow\" aria-label=\"Next\" type=\"button\" style=\"display: none;\" aria-disabled=\"false\">Next<\/button><\/div><\/div><\/div> <!-- group --><div id='group-1990' class='brf-timeline__panels-group ' data-qtt=''><div class=\"brf-timeline__panel\"><div class=\"brf-timeline__item\"><button class=\"slick-prev slick-arrow\" aria-label=\"Previous\" type=\"button\" aria-disabled=\"false\" style=\"display: none;\">Previous<\/button><div class=\"brf-timeline__image-container \"><img decoding=\"async\" src=\"https:\/\/www.brf-global.com\/wp-content\/uploads\/2018\/03\/brf_site_linha-do-tempo_v2-13-290x290.png\" class=\"brf-timeline__image\" alt=\"Sadia en el mundo\"><\/div><div class=\"brf-timeline__panel-content\"><h2 class=\"brf-timeline__panel-title\">Sadia en el mundo<\/h2><div class=\"brf-timeline__panel-text\"><p>La compa\u00f1\u00eda abre las puertas a diversos lugares del mundo. Tokio, Mil\u00e1n y Buenos Aires fueron las primeras ciudades. Enseguida, se inaugura la churrasquer\u00eda (restaurante de carnes) Beijing Brasil, en China. En esa \u00e9poca, el \u00e9xito internacional de la marca ya era una realidad.<\/p>\n<\/div><\/div><button class=\"slick-next slick-arrow\" aria-label=\"Next\" type=\"button\" style=\"display: none;\" aria-disabled=\"false\">Next<\/button><\/div><\/div><div class=\"brf-timeline__panel\"><div class=\"brf-timeline__item\"><button class=\"slick-prev slick-arrow\" aria-label=\"Previous\" type=\"button\" aria-disabled=\"false\" style=\"display: none;\">Previous<\/button><div class=\"brf-timeline__image-container \"><img decoding=\"async\" src=\"https:\/\/www.brf-global.com\/wp-content\/uploads\/2018\/03\/brf_site_linha-do-tempo_v2-14-290x290.png\" class=\"brf-timeline__image\" alt=\"Sadia en un nuevo mercado\"><\/div><div class=\"brf-timeline__panel-content\"><h2 class=\"brf-timeline__panel-title\">Sadia en un nuevo mercado<\/h2><div class=\"brf-timeline__panel-text\"><p>La compa\u00f1\u00eda pasa a actuar en un mercado dominado por la competencia: el de margarinas. En ese a\u00f1o, se inaugura la primera f\u00e1brica en la ciudad de portuaria de Paranagu\u00e1 (Paran\u00e1, Brasil) y la compa\u00f1\u00eda lanza la marca Qualy. La margarina con sabor a mantequilla, excelente cremosidad y un embalaje rectangular fue una innovaci\u00f3n en el aquel momento.<\/p>\n<\/div><\/div><button class=\"slick-next slick-arrow\" aria-label=\"Next\" type=\"button\" style=\"display: none;\" aria-disabled=\"false\">Next<\/button><\/div><\/div><div class=\"brf-timeline__panel\"><div class=\"brf-timeline__item\"><button class=\"slick-prev slick-arrow\" aria-label=\"Previous\" type=\"button\" aria-disabled=\"false\" style=\"display: none;\">Previous<\/button><div class=\"brf-timeline__image-container \"><img decoding=\"async\" src=\"https:\/\/www.brf-global.com\/wp-content\/uploads\/2018\/03\/brf_site_linha-do-tempo_v2-15-290x290.png\" class=\"brf-timeline__image\" alt=\"Sadia cumple 50 a\u00f1os\"><\/div><div class=\"brf-timeline__panel-content\"><h2 class=\"brf-timeline__panel-title\">Sadia cumple 50 a\u00f1os<\/h2><div class=\"brf-timeline__panel-text\"><p>El aniversario de la compa\u00f1\u00eda se celebr\u00f3 en gran estilo: se alcanz\u00f3 una receta de US$ 2,9 mil millones y una receta de exportaciones de m\u00e1s de US$ 500 millones. La familia Sadia ya contaba con m\u00e1s de 32 mil empleados, cuando surge, entonces, Sadia S.A.<\/p>\n<\/div><\/div><button class=\"slick-next slick-arrow\" aria-label=\"Next\" type=\"button\" style=\"display: none;\" aria-disabled=\"false\">Next<\/button><\/div><\/div><div class=\"brf-timeline__panel\"><div class=\"brf-timeline__item\"><button class=\"slick-prev slick-arrow\" aria-label=\"Previous\" type=\"button\" aria-disabled=\"false\" style=\"display: none;\">Previous<\/button><div class=\"brf-timeline__image-container \"><img decoding=\"async\" src=\"https:\/\/www.brf-global.com\/wp-content\/uploads\/2018\/03\/brf_site_linha-do-tempo_v2-16-290x290.png\" class=\"brf-timeline__image\" alt=\"Perdig\u00e3o se reestructura\"><\/div><div class=\"brf-timeline__panel-content\"><h2 class=\"brf-timeline__panel-title\">Perdig\u00e3o se reestructura<\/h2><div class=\"brf-timeline__panel-text\"><p>Despu\u00e9s de la muerte de sus fundadores, Perdig\u00e3o deja de ser una empresa familiar. Se lleva a cabo entonces una reestructuraci\u00f3n societaria que result\u00f3 en una \u00fanica empresa de capital abierto, Perdig\u00e3o S.A., y en una \u00fanica empresa operativa, Perdig\u00e3o Agroindustrial S.A.<\/p>\n<\/div><\/div><button class=\"slick-next slick-arrow\" aria-label=\"Next\" type=\"button\" style=\"display: none;\" aria-disabled=\"false\">Next<\/button><\/div><\/div><div class=\"brf-timeline__panel\"><div class=\"brf-timeline__item\"><button class=\"slick-prev slick-arrow\" aria-label=\"Previous\" type=\"button\" aria-disabled=\"false\" style=\"display: none;\">Previous<\/button><div class=\"brf-timeline__image-container \"><img decoding=\"async\" src=\"https:\/\/www.brf-global.com\/wp-content\/uploads\/2018\/03\/brf_site_linha-do-tempo_v2-17-290x290.png\" class=\"brf-timeline__image\" alt=\"Qualy se torna l\u00edder nacional\"><\/div><div class=\"brf-timeline__panel-content\"><h2 class=\"brf-timeline__panel-title\">Qualy se torna l\u00edder nacional<\/h2><div class=\"brf-timeline__panel-text\"><p>La marca se torna l\u00edder del mercado de margarinas en Brasil. La calidad de vida est\u00e1 cada d\u00eda m\u00e1s presente en la mesa de los brasile\u00f1os.<\/p>\n<\/div><\/div><button class=\"slick-next slick-arrow\" aria-label=\"Next\" type=\"button\" style=\"display: none;\" aria-disabled=\"false\">Next<\/button><\/div><\/div><div class=\"brf-timeline__panel\"><div class=\"brf-timeline__item\"><button class=\"slick-prev slick-arrow\" aria-label=\"Previous\" type=\"button\" aria-disabled=\"false\" style=\"display: none;\">Previous<\/button><div class=\"brf-timeline__image-container \"><img decoding=\"async\" src=\"https:\/\/www.brf-global.com\/wp-content\/uploads\/2018\/03\/brf_site_linha-do-tempo_v2-18-290x290.png\" class=\"brf-timeline__image\" alt=\"Pizza Perdig\u00e3o\"><\/div><div class=\"brf-timeline__panel-content\"><h2 class=\"brf-timeline__panel-title\">Pizza Perdig\u00e3o<\/h2><div class=\"brf-timeline__panel-text\"><p>\u00a1Es pizza! En ese a\u00f1o, la compa\u00f1\u00eda realiza un hecho in\u00e9dito: lanza la primera pizza congelada de Brasil.<\/p>\n<\/div><\/div><button class=\"slick-next slick-arrow\" aria-label=\"Next\" type=\"button\" style=\"display: none;\" aria-disabled=\"false\">Next<\/button><\/div><\/div><div class=\"brf-timeline__panel\"><div class=\"brf-timeline__item\"><button class=\"slick-prev slick-arrow\" aria-label=\"Previous\" type=\"button\" aria-disabled=\"false\" style=\"display: none;\">Previous<\/button><div class=\"brf-timeline__image-container \"><img decoding=\"async\" src=\"https:\/\/www.brf-global.com\/wp-content\/uploads\/2018\/03\/brf_site_linha-do-tempo_v2-19-290x290.png\" class=\"brf-timeline__image\" alt=\"Expansi\u00f3n de Sadia\"><\/div><div class=\"brf-timeline__panel-content\"><h2 class=\"brf-timeline__panel-title\">Expansi\u00f3n de Sadia<\/h2><div class=\"brf-timeline__panel-text\"><p>La empresa rebas\u00f3 la marca de US$ 1.000 millones en recetas y asegur\u00f3 el liderazgo absoluto en el segmento de aves. La expansi\u00f3n de la empresa fue reconocida, y las exportaciones llegaron a m\u00e1s de 40 pa\u00edses.<\/p>\n<\/div><\/div><button class=\"slick-next slick-arrow\" aria-label=\"Next\" type=\"button\" style=\"display: none;\" aria-disabled=\"false\">Next<\/button><\/div><\/div><\/div> <!-- group --><div id='group-2000' class='brf-timeline__panels-group ' data-qtt=''><div class=\"brf-timeline__panel\"><div class=\"brf-timeline__item\"><button class=\"slick-prev slick-arrow\" aria-label=\"Previous\" type=\"button\" aria-disabled=\"false\" style=\"display: none;\">Previous<\/button><div class=\"brf-timeline__image-container \"><img decoding=\"async\" src=\"https:\/\/www.brf-global.com\/wp-content\/uploads\/2018\/03\/brf_site_linha-do-tempo_v2-20-290x290.png\" class=\"brf-timeline__image\" alt=\"Sadia pionera\"><\/div><div class=\"brf-timeline__panel-content\"><h2 class=\"brf-timeline__panel-title\">Sadia pionera<\/h2><div class=\"brf-timeline__panel-text\"><p>La compa\u00f1\u00eda sigue consolidada en Brasil y agresiva en el mercado externo. La empresa est\u00e1 presente en Argentina, Uruguay, Chile, Italia, Inglaterra y Emiratos \u00c1rabes, adem\u00e1s de contar con representaciones en Paraguay, Bolivia y Jap\u00f3n. En ese mismo a\u00f1o, la compa\u00f1\u00eda se torna la primera empresa brasile\u00f1a del sector de alimentos a ofrecer embalajes con texto en braille. Asimismo, inaugura el Memorial Attilio Fontana, en raz\u00f3n de los 100 a\u00f1os del nacimiento del fundador de la empresa.<\/p>\n<\/div><\/div><button class=\"slick-next slick-arrow\" aria-label=\"Next\" type=\"button\" style=\"display: none;\" aria-disabled=\"false\">Next<\/button><\/div><\/div><div class=\"brf-timeline__panel\"><div class=\"brf-timeline__item\"><button class=\"slick-prev slick-arrow\" aria-label=\"Previous\" type=\"button\" aria-disabled=\"false\" style=\"display: none;\">Previous<\/button><div class=\"brf-timeline__image-container \"><img decoding=\"async\" src=\"https:\/\/www.brf-global.com\/wp-content\/uploads\/2018\/03\/brf_site_linha-do-tempo_v2-21-290x290.png\" class=\"brf-timeline__image\" alt=\"Perdig\u00e3o en el exterior\"><\/div><div class=\"brf-timeline__panel-content\"><h2 class=\"brf-timeline__panel-title\">Perdig\u00e3o en el exterior<\/h2><div class=\"brf-timeline__panel-text\"><p>Perdig\u00e3o abre su primera oficina fuera de Brasil, en Londres, Inglaterra. Tambi\u00e9n en 2000, la compa\u00f1\u00eda ingresa en la subasta inversa de las acciones listadas en las Bolsas de Nueva York, y pasa a ser la primera empresa brasile\u00f1a de alimentos presente en Wall Street.<\/p>\n<\/div><\/div><button class=\"slick-next slick-arrow\" aria-label=\"Next\" type=\"button\" style=\"display: none;\" aria-disabled=\"false\">Next<\/button><\/div><\/div><div class=\"brf-timeline__panel\"><div class=\"brf-timeline__item\"><button class=\"slick-prev slick-arrow\" aria-label=\"Previous\" type=\"button\" aria-disabled=\"false\" style=\"display: none;\">Previous<\/button><div class=\"brf-timeline__image-container \"><img decoding=\"async\" src=\"https:\/\/www.brf-global.com\/wp-content\/uploads\/2018\/03\/brf_site_linha-do-tempo_v2-22-290x290.png\" class=\"brf-timeline__image\" alt=\"Primer contacto entre Perdig\u00e3o y Sadia\"><\/div><div class=\"brf-timeline__panel-content\"><h2 class=\"brf-timeline__panel-title\">Primer contacto entre Perdig\u00e3o y Sadia<\/h2><div class=\"brf-timeline__panel-text\"><p>Perdig\u00e3o y Sadia crean BRF Trading, empresa destinada a comercializar productos av\u00edcolas y alimentos en general, producidos por ambas empresas, en mercados emergentes. En ese mismo a\u00f1o, Perdig\u00e3o lanza la marca mundial Perdix \u2013 utilizada en la comercializaci\u00f3n de productos procesados \u2013 y la consultor\u00eda ingles Interbrand elige Sadia como la marca del sector alimentario m\u00e1s valiosa de Brasil. <\/p>\n<\/div><\/div><button class=\"slick-next slick-arrow\" aria-label=\"Next\" type=\"button\" style=\"display: none;\" aria-disabled=\"false\">Next<\/button><\/div><\/div><div class=\"brf-timeline__panel\"><div class=\"brf-timeline__item\"><button class=\"slick-prev slick-arrow\" aria-label=\"Previous\" type=\"button\" aria-disabled=\"false\" style=\"display: none;\">Previous<\/button><div class=\"brf-timeline__image-container \"><img decoding=\"async\" src=\"https:\/\/www.brf-global.com\/wp-content\/uploads\/2018\/03\/brf_site_linha-do-tempo_v2-23-290x290.png\" class=\"brf-timeline__image\" alt=\"Sadia presenta m\u00e1s novedades \"><\/div><div class=\"brf-timeline__panel-content\"><h2 class=\"brf-timeline__panel-title\">Sadia presenta m\u00e1s novedades <\/h2><div class=\"brf-timeline__panel-text\"><p>La empresa crece en cuanto al sacrificio de bovinos y divulga novedades destinadas al mercado brasile\u00f1o. La estrella fue Hot Pocket, \u00e9xito instant\u00e1neo. Enseguida la empresa lanza la l\u00ednea Sadia Soja y replantea la marca Rezende.<\/p>\n<\/div><\/div><button class=\"slick-next slick-arrow\" aria-label=\"Next\" type=\"button\" style=\"display: none;\" aria-disabled=\"false\">Next<\/button><\/div><\/div><div class=\"brf-timeline__panel\"><div class=\"brf-timeline__item\"><button class=\"slick-prev slick-arrow\" aria-label=\"Previous\" type=\"button\" aria-disabled=\"false\" style=\"display: none;\">Previous<\/button><div class=\"brf-timeline__image-container \"><img decoding=\"async\" src=\"https:\/\/www.brf-global.com\/wp-content\/uploads\/2018\/03\/brf_site_linha-do-tempo_v2-24-290x290.png\" class=\"brf-timeline__image\" alt=\"Perdig\u00e3o en un nuevo mercado\"><\/div><div class=\"brf-timeline__panel-content\"><h2 class=\"brf-timeline__panel-title\">Perdig\u00e3o en un nuevo mercado<\/h2><div class=\"brf-timeline__panel-text\"><p>La compa\u00f1\u00eda estrena en el Novo Mercado da Bovespa (Nuevo Mercado de Bovespa \u2013 Bolsa de Valores de S\u00e3o Paulo) e adquiere el 51% del capital social de Bat\u00e1via S\/A Ind\u00fastria de Alimentos. El ingreso en el mercado de lacticinios tiene lugar en asociaci\u00f3n con la cooperativa CCLP \u2013 Cooperativa Central de Latic\u00ednios do Paran\u00e1 \u2013 y con Agromilk, que siguieron con el 49% del capital de Bat\u00e1via, empresa con sede en Carambe\u00ed (Paran\u00e1, Brasil) y con actuaci\u00f3n agroindustrial en Santa Catarina.<\/p>\n<\/div><\/div><button class=\"slick-next slick-arrow\" aria-label=\"Next\" type=\"button\" style=\"display: none;\" aria-disabled=\"false\">Next<\/button><\/div><\/div><div class=\"brf-timeline__panel\"><div class=\"brf-timeline__item\"><button class=\"slick-prev slick-arrow\" aria-label=\"Previous\" type=\"button\" aria-disabled=\"false\" style=\"display: none;\">Previous<\/button><div class=\"brf-timeline__image-container \"><img decoding=\"async\" src=\"https:\/\/www.brf-global.com\/wp-content\/uploads\/2018\/03\/brf_site_linha-do-tempo_v2-24-290x290.png\" class=\"brf-timeline__image\" alt=\"Perdig\u00e3o pasa a tener un nuevo logotipo\"><\/div><div class=\"brf-timeline__panel-content\"><h2 class=\"brf-timeline__panel-title\">Perdig\u00e3o pasa a tener un nuevo logotipo<\/h2><div class=\"brf-timeline__panel-text\"><p>Como parte de la campa\u00f1a \u201cPerdig\u00e3o. Vem do cora\u00e7\u00e3o do Brasil\u201d, la empresa lanza el nuevo logotipo, en formato de coraz\u00f3n, manteniendo la tradicional pareja de perdices como s\u00edmbolo principal.  Adem\u00e1s de eso, se adopt\u00f3 una nueva tipograf\u00eda.<\/p>\n<\/div><\/div><button class=\"slick-next slick-arrow\" aria-label=\"Next\" type=\"button\" style=\"display: none;\" aria-disabled=\"false\">Next<\/button><\/div><\/div><div class=\"brf-timeline__panel\"><div class=\"brf-timeline__item\"><button class=\"slick-prev slick-arrow\" aria-label=\"Previous\" type=\"button\" aria-disabled=\"false\" style=\"display: none;\">Previous<\/button><div class=\"brf-timeline__image-container \"><img decoding=\"async\" src=\"https:\/\/www.brf-global.com\/wp-content\/uploads\/2018\/03\/brf_site_linha-do-tempo_v2-25-290x290.png\" class=\"brf-timeline__image\" alt=\"Sadia Ol\u00edmpica\"><\/div><div class=\"brf-timeline__panel-content\"><h2 class=\"brf-timeline__panel-title\">Sadia Ol\u00edmpica<\/h2><div class=\"brf-timeline__panel-text\"><p>La compa\u00f1\u00eda patrocin\u00f3 las delegaciones ol\u00edmpicas brasile\u00f1as que participaron en los Juegos Panamericanos de Rio de Janeiro, en 2007. El acuerdo, firmado con el o Comit\u00ea Ol\u00edmpico Brasileiro \u2013 COB (Comit\u00e9 Ol\u00edmpico Brasile\u00f1o), le asegur\u00f3 a Sadia exclusividad entre las empresas del sector de alimentos y dur\u00f3 hasta los Juegos Ol\u00edmpicos de Pek\u00edn, en 2008.<\/p>\n<\/div><\/div><button class=\"slick-next slick-arrow\" aria-label=\"Next\" type=\"button\" style=\"display: none;\" aria-disabled=\"false\">Next<\/button><\/div><\/div><div class=\"brf-timeline__panel\"><div class=\"brf-timeline__item\"><button class=\"slick-prev slick-arrow\" aria-label=\"Previous\" type=\"button\" aria-disabled=\"false\" style=\"display: none;\">Previous<\/button><div class=\"brf-timeline__image-container \"><img decoding=\"async\" src=\"https:\/\/www.brf-global.com\/wp-content\/uploads\/2018\/03\/brf_site_linha-do-tempo_v2-26-290x290.png\" class=\"brf-timeline__image\" alt=\"Sadia llega a la regi\u00f3n nordeste de Brasil\"><\/div><div class=\"brf-timeline__panel-content\"><h2 class=\"brf-timeline__panel-title\">Sadia llega a la regi\u00f3n nordeste de Brasil<\/h2><div class=\"brf-timeline__panel-text\"><p>La primera f\u00e1brica en la regi\u00f3n, ubicada en Vit\u00f3ria de Santo Ant\u00e3o (Pernambuco, Brasil), \u00a1se torna referencia en sostenibilidad! Adem\u00e1s de autosuficiente en agua, es la primera f\u00e1brica de Brasil a neutralizar el 100% de sus emisiones de gases de efecto invernadero mediante el plant\u00edo de 3,5 millones de \u00e1rboles nativos. Con una capacidad de producci\u00f3n de 150 mil toneladas de embutidos, recibi\u00f3 una inversi\u00f3n de R$ 300 millones.<\/p>\n<\/div><\/div><button class=\"slick-next slick-arrow\" aria-label=\"Next\" type=\"button\" style=\"display: none;\" aria-disabled=\"false\">Next<\/button><\/div><\/div><div class=\"brf-timeline__panel\"><div class=\"brf-timeline__item\"><button class=\"slick-prev slick-arrow\" aria-label=\"Previous\" type=\"button\" aria-disabled=\"false\" style=\"display: none;\">Previous<\/button><div class=\"brf-timeline__image-container \"><img decoding=\"async\" src=\"https:\/\/www.brf-global.com\/wp-content\/uploads\/2018\/03\/brf_site_linha-do-tempo_v2-27-290x290.png\" class=\"brf-timeline__image\" alt=\"Perdig\u00e3o realiza nuevas adquisiciones\"><\/div><div class=\"brf-timeline__panel-content\"><h2 class=\"brf-timeline__panel-title\">Perdig\u00e3o realiza nuevas adquisiciones<\/h2><div class=\"brf-timeline__panel-text\"><p>La empresa adquiere Eleva (antigua Avipal). La compra de la totalidad de las acciones pertenecientes a los accionistas controladores de Eleva posibilita la formaci\u00f3n de uno de los mayores conglomerados de alimentos de Am\u00e9rica Latina, con una fuerte actuaci\u00f3n en la exportaci\u00f3n de carnes y l\u00e1cteos. En el mismo a\u00f1o, Perdig\u00e3o tambi\u00e9n compra Cotoch\u00e9s, una de las m\u00e1s tradicionales industrias del segmento de l\u00e1cteos en Minas Gerais, Brasil.<\/p>\n<\/div><\/div><button class=\"slick-next slick-arrow\" aria-label=\"Next\" type=\"button\" style=\"display: none;\" aria-disabled=\"false\">Next<\/button><\/div><\/div><div class=\"brf-timeline__panel\"><div class=\"brf-timeline__item\"><button class=\"slick-prev slick-arrow\" aria-label=\"Previous\" type=\"button\" aria-disabled=\"false\" style=\"display: none;\">Previous<\/button><div class=\"brf-timeline__image-container \"><img decoding=\"async\" src=\"https:\/\/www.brf-global.com\/wp-content\/uploads\/2018\/03\/brf_site_linha-do-tempo_v2-28-290x290.png\" class=\"brf-timeline__image\" alt=\"Perdig\u00e3o ampl\u00eda su estructura\"><\/div><div class=\"brf-timeline__panel-content\"><h2 class=\"brf-timeline__panel-title\">Perdig\u00e3o ampl\u00eda su estructura<\/h2><div class=\"brf-timeline__panel-text\"><p>La compa\u00f1\u00eda crea una nueva unidad de negocios: Food Service. Con esa iniciativa, la empresa para a atender la creciente demanda de las redes de comida r\u00e1pida, hoteles, hospitales, restaurantes y otros establecimientos.<\/p>\n<\/div><\/div><button class=\"slick-next slick-arrow\" aria-label=\"Next\" type=\"button\" style=\"display: none;\" aria-disabled=\"false\">Next<\/button><\/div><\/div><div class=\"brf-timeline__panel\"><div class=\"brf-timeline__item\"><button class=\"slick-prev slick-arrow\" aria-label=\"Previous\" type=\"button\" aria-disabled=\"false\" style=\"display: none;\">Previous<\/button><div class=\"brf-timeline__image-container \"><img decoding=\"async\" src=\"https:\/\/www.brf-global.com\/wp-content\/uploads\/2018\/03\/brf_site_linha-do-tempo_v2-29-290x290.png\" class=\"brf-timeline__image\" alt=\"Perdig\u00e3o y Sadia se unen\"><\/div><div class=\"brf-timeline__panel-content\"><h2 class=\"brf-timeline__panel-title\">Perdig\u00e3o y Sadia se unen<\/h2><div class=\"brf-timeline__panel-text\"><p>\u00a1Es en ese a\u00f1o que se inicia esa relaci\u00f3n potente! Las dos empresas anuncian el inicio del proceso de asociaci\u00f3n para la unificaci\u00f3n de sus operaciones, con la alteraci\u00f3n de la denominaci\u00f3n social de Perdig\u00e3o, que pasa a llamarse BRF Brazil Foods S.A., y la mudanza de su sede social, de S\u00e3o Paulo a Itaja\u00ed (SC). Con eso, se realiz\u00f3 una oferta p\u00fablica de acciones con la meta de incrementar el capital social de la compa\u00f1\u00eda. <\/p>\n<\/div><\/div><button class=\"slick-next slick-arrow\" aria-label=\"Next\" type=\"button\" style=\"display: none;\" aria-disabled=\"false\">Next<\/button><\/div><\/div><\/div> <!-- group --><div id='group-2010' class='brf-timeline__panels-group ' data-qtt=''><div class=\"brf-timeline__panel\"><div class=\"brf-timeline__item\"><button class=\"slick-prev slick-arrow\" aria-label=\"Previous\" type=\"button\" aria-disabled=\"false\" style=\"display: none;\">Previous<\/button><div class=\"brf-timeline__image-container \"><img decoding=\"async\" src=\"https:\/\/www.brf-global.com\/wp-content\/uploads\/2018\/03\/brf_site_linha-do-tempo_v2-30-290x290.png\" class=\"brf-timeline__image\" alt=\"BRF en el extranjero\"><\/div><div class=\"brf-timeline__panel-content\"><h2 class=\"brf-timeline__panel-title\">BRF en el extranjero<\/h2><div class=\"brf-timeline__panel-text\"><p>En ese a\u00f1o, BRF alcanz\u00f3 la marca de R$ 22,7 mil millones en ventas, un 40% en el exterior. Adem\u00e1s, pasa a ser la tercera mayor empresa exportadora de Brasil, la mayor exportadora de aves y la l\u00edder en la producci\u00f3n global de prote\u00ednas, con un 9% de la comercializaci\u00f3n mundial. <\/p>\n<\/div><\/div><button class=\"slick-next slick-arrow\" aria-label=\"Next\" type=\"button\" style=\"display: none;\" aria-disabled=\"false\">Next<\/button><\/div><\/div><div class=\"brf-timeline__panel\"><div class=\"brf-timeline__item\"><button class=\"slick-prev slick-arrow\" aria-label=\"Previous\" type=\"button\" aria-disabled=\"false\" style=\"display: none;\">Previous<\/button><div class=\"brf-timeline__panel-content\"><h2 class=\"brf-timeline__panel-title\"><\/h2><div class=\"brf-timeline__panel-text\"><\/div><\/div><button class=\"slick-next slick-arrow\" aria-label=\"Next\" type=\"button\" style=\"display: none;\" aria-disabled=\"false\">Next<\/button><\/div><\/div><div class=\"brf-timeline__panel\"><div class=\"brf-timeline__item\"><button class=\"slick-prev slick-arrow\" aria-label=\"Previous\" type=\"button\" aria-disabled=\"false\" style=\"display: none;\">Previous<\/button><div class=\"brf-timeline__image-container \"><img decoding=\"async\" src=\"https:\/\/www.brf-global.com\/wp-content\/uploads\/2018\/03\/brf_site_linha-do-tempo_v2-31-290x290.png\" class=\"brf-timeline__image\" alt=\"BRF en desarrollo\"><\/div><div class=\"brf-timeline__panel-content\"><h2 class=\"brf-timeline__panel-title\">BRF en desarrollo<\/h2><div class=\"brf-timeline__panel-text\"><p>Alcanzando una marca de 4,2 toneladas en producci\u00f3n de carnes, la compa\u00f1\u00eda anuncia el desarrollo de una unidad de productos procesados en Medio Oriente, m\u00e1s precisamente en Emiratos \u00c1rabes Unidos. BRF adquiere Avex y D\u00e1nica, empresas argentinas del segmento de aves y margarinas, respectivamente. <\/p>\n<\/div><\/div><button class=\"slick-next slick-arrow\" aria-label=\"Next\" type=\"button\" style=\"display: none;\" aria-disabled=\"false\">Next<\/button><\/div><\/div><div class=\"brf-timeline__panel\"><div class=\"brf-timeline__item\"><button class=\"slick-prev slick-arrow\" aria-label=\"Previous\" type=\"button\" aria-disabled=\"false\" style=\"display: none;\">Previous<\/button><div class=\"brf-timeline__image-container \"><img decoding=\"async\" src=\"https:\/\/www.brf-global.com\/wp-content\/uploads\/2018\/03\/brf_site_linha-do-tempo_v2-32-290x290.png\" class=\"brf-timeline__image\" alt=\"BRF social\"><\/div><div class=\"brf-timeline__panel-content\"><h2 class=\"brf-timeline__panel-title\">BRF social<\/h2><div class=\"brf-timeline__panel-text\"><p>Las inversiones ambientales de BRF rebasan la marca de los R$ 157 millones. En el mismo a\u00f1o, la compa\u00f1\u00eda invierte R$ 1,4 mil millones en desarrollo social.<\/p>\n<\/div><\/div><button class=\"slick-next slick-arrow\" aria-label=\"Next\" type=\"button\" style=\"display: none;\" aria-disabled=\"false\">Next<\/button><\/div><\/div><div class=\"brf-timeline__panel\"><div class=\"brf-timeline__item\"><button class=\"slick-prev slick-arrow\" aria-label=\"Previous\" type=\"button\" aria-disabled=\"false\" style=\"display: none;\">Previous<\/button><div class=\"brf-timeline__image-container \"><img decoding=\"async\" src=\"https:\/\/www.brf-global.com\/wp-content\/uploads\/2018\/03\/brf_site_linha-do-tempo_v2-33-290x290.png\" class=\"brf-timeline__image\" alt=\"BRF en expansi\u00f3n mundial\"><\/div><div class=\"brf-timeline__panel-content\"><h2 class=\"brf-timeline__panel-title\">BRF en expansi\u00f3n mundial<\/h2><div class=\"brf-timeline__panel-text\"><p>La compa\u00f1\u00eda adquiere Quick Foods, empresa argentina due\u00f1a de la marca Paty, y tambi\u00e9n el 49% de Federal Foods, distribuidora de la marca Sadia en Medio Oriente; adem\u00e1s de eso, constituye sociedad con la empresa china Dah Chong Hong para la distribuci\u00f3n de los productos Sadia y del servicio Food Services en Hong Kong y Macao.<\/p>\n<\/div><\/div><button class=\"slick-next slick-arrow\" aria-label=\"Next\" type=\"button\" style=\"display: none;\" aria-disabled=\"false\">Next<\/button><\/div><\/div><div class=\"brf-timeline__panel\"><div class=\"brf-timeline__item\"><button class=\"slick-prev slick-arrow\" aria-label=\"Previous\" type=\"button\" aria-disabled=\"false\" style=\"display: none;\">Previous<\/button><div class=\"brf-timeline__panel-content\"><h2 class=\"brf-timeline__panel-title\"><\/h2><div class=\"brf-timeline__panel-text\"><\/div><\/div><button class=\"slick-next slick-arrow\" aria-label=\"Next\" type=\"button\" style=\"display: none;\" aria-disabled=\"false\">Next<\/button><\/div><\/div><div class=\"brf-timeline__panel\"><div class=\"brf-timeline__item\"><button class=\"slick-prev slick-arrow\" aria-label=\"Previous\" type=\"button\" aria-disabled=\"false\" style=\"display: none;\">Previous<\/button><div class=\"brf-timeline__image-container \"><img decoding=\"async\" src=\"https:\/\/www.brf-global.com\/wp-content\/uploads\/2018\/03\/brf_site_linha-do-tempo_v2-34-290x290.png\" class=\"brf-timeline__image\" alt=\"BRF: una compa\u00f1\u00eda unificada \"><\/div><div class=\"brf-timeline__panel-content\"><h2 class=\"brf-timeline__panel-title\">BRF: una compa\u00f1\u00eda unificada <\/h2><div class=\"brf-timeline__panel-text\"><p>La compa\u00f1\u00eda opera con identidad corporativa \u00fanica. Se lanza la nueva marca, reflejando las aspiraciones con relaci\u00f3n a los a\u00f1os siguientes: aproximar a las personas, colaboradores y consumidores en todo el mundo. Esa apertura tambi\u00e9n se expresada en el nuevo logotipo: este representa el globo terr\u00e1queo, con una combinaci\u00f3n de colores que traduce la diversidad de culturas, territorios y etnias. A\u00fan en 2013, el empresario Ab\u00edlio Diniz pasa a formar parte del Consejo de Administraci\u00f3n de la empresa.<\/p>\n<\/div><\/div><button class=\"slick-next slick-arrow\" aria-label=\"Next\" type=\"button\" style=\"display: none;\" aria-disabled=\"false\">Next<\/button><\/div><\/div><div class=\"brf-timeline__panel\"><div class=\"brf-timeline__item\"><button class=\"slick-prev slick-arrow\" aria-label=\"Previous\" type=\"button\" aria-disabled=\"false\" style=\"display: none;\">Previous<\/button><div class=\"brf-timeline__image-container \"><img decoding=\"async\" src=\"https:\/\/www.brf-global.com\/wp-content\/uploads\/2018\/03\/brf_site_linha-do-tempo_v2-35-290x290.png\" class=\"brf-timeline__image\" alt=\"Centro de Innovaci\u00f3n BRF\"><\/div><div class=\"brf-timeline__panel-content\"><h2 class=\"brf-timeline__panel-title\">Centro de Innovaci\u00f3n BRF<\/h2><div class=\"brf-timeline__panel-text\"><p>Se inaugura en Jundia\u00ed, (SP), el BRF Innovation Center (BIC). Idealizado para ser una de las principales referencias de innovaci\u00f3n y desarrollo tecnol\u00f3gico en el sector alimentario. Ese complejo es considerado un modelo de sostenibilidad y tecnolog\u00eda de construcci\u00f3n civil.<\/p>\n<\/div><\/div><button class=\"slick-next slick-arrow\" aria-label=\"Next\" type=\"button\" style=\"display: none;\" aria-disabled=\"false\">Next<\/button><\/div><\/div><div class=\"brf-timeline__panel\"><div class=\"brf-timeline__item\"><button class=\"slick-prev slick-arrow\" aria-label=\"Previous\" type=\"button\" aria-disabled=\"false\" style=\"display: none;\">Previous<\/button><div class=\"brf-timeline__panel-content\"><h2 class=\"brf-timeline__panel-title\"><\/h2><div class=\"brf-timeline__panel-text\"><\/div><\/div><button class=\"slick-next slick-arrow\" aria-label=\"Next\" type=\"button\" style=\"display: none;\" aria-disabled=\"false\">Next<\/button><\/div><\/div><div class=\"brf-timeline__panel\"><div class=\"brf-timeline__item\"><button class=\"slick-prev slick-arrow\" aria-label=\"Previous\" type=\"button\" aria-disabled=\"false\" style=\"display: none;\">Previous<\/button><div class=\"brf-timeline__image-container \"><img decoding=\"async\" src=\"https:\/\/www.brf-global.com\/wp-content\/uploads\/2018\/03\/brf_site_linha-do-tempo_v2-36-290x290.png\" class=\"brf-timeline__image\" alt=\"BRF avanza\"><\/div><div class=\"brf-timeline__panel-content\"><h2 class=\"brf-timeline__panel-title\">BRF avanza<\/h2><div class=\"brf-timeline__panel-text\"><p>Adquisici\u00f3n de Alyasra Food Company W.L.L. (\u00abAlyasra\u00bb), distribuidora en Kuwait, por US$ 160 millones. En ese mismo a\u00f1o, inaugura la primera f\u00e1brica de alimentos procesados en Medio Oriente, la mayor de la regi\u00f3n, invirtiendo aproximadamente US$ 160 millones en su construcci\u00f3n. Esa f\u00e1brica est\u00e1 en la zona industrial de KIZAD (Abu Dhabi), en Emiratos \u00c1rabes Unidos.<\/p>\n<\/div><\/div><button class=\"slick-next slick-arrow\" aria-label=\"Next\" type=\"button\" style=\"display: none;\" aria-disabled=\"false\">Next<\/button><\/div><\/div><div class=\"brf-timeline__panel\"><div class=\"brf-timeline__item\"><button class=\"slick-prev slick-arrow\" aria-label=\"Previous\" type=\"button\" aria-disabled=\"false\" style=\"display: none;\">Previous<\/button><div class=\"brf-timeline__image-container \"><img decoding=\"async\" src=\"https:\/\/www.brf-global.com\/wp-content\/uploads\/2018\/03\/brf_site_linha-do-tempo_v2-37-290x290.png\" class=\"brf-timeline__image\" alt=\"Sadia 70 a\u00f1os\"><\/div><div class=\"brf-timeline__panel-content\"><h2 class=\"brf-timeline__panel-title\">Sadia 70 a\u00f1os<\/h2><div class=\"brf-timeline__panel-text\"><p>En el a\u00f1o de celebraci\u00f3n de sus 70 a\u00f1os, Sadia se posiciona como la 7\u00aa. marca que la gente m\u00e1s recordaba a lo largo de aquel periodo en Brasil. Adem\u00e1s de eso, la empresa lanza la l\u00ednea de productos en lonchas \u00abSolt\u00edssimo\u00bb, una novedad que llev\u00f3 frescor y comodidad a la mesa de los consumidores. En la Navidad del mismo a\u00f1o, Sadia lanza Linha F\u00e1cil (Linha F\u00e1cil).<\/p>\n<\/div><\/div><button class=\"slick-next slick-arrow\" aria-label=\"Next\" type=\"button\" style=\"display: none;\" aria-disabled=\"false\">Next<\/button><\/div><\/div><div class=\"brf-timeline__panel\"><div class=\"brf-timeline__item\"><button class=\"slick-prev slick-arrow\" aria-label=\"Previous\" type=\"button\" aria-disabled=\"false\" style=\"display: none;\">Previous<\/button><div class=\"brf-timeline__panel-content\"><h2 class=\"brf-timeline__panel-title\"><\/h2><div class=\"brf-timeline__panel-text\"><\/div><\/div><button class=\"slick-next slick-arrow\" aria-label=\"Next\" type=\"button\" style=\"display: none;\" aria-disabled=\"false\">Next<\/button><\/div><\/div><div class=\"brf-timeline__panel\"><div class=\"brf-timeline__item\"><button class=\"slick-prev slick-arrow\" aria-label=\"Previous\" type=\"button\" aria-disabled=\"false\" style=\"display: none;\">Previous<\/button><div class=\"brf-timeline__image-container \"><img decoding=\"async\" src=\"https:\/\/www.brf-global.com\/wp-content\/uploads\/2018\/03\/brf_site_linha-do-tempo_v2-38-290x290.png\" class=\"brf-timeline__image\" alt=\"BRF pasa a tener un nuevo Director Ejecutivo (CEO) \"><\/div><div class=\"brf-timeline__panel-content\"><h2 class=\"brf-timeline__panel-title\">BRF pasa a tener un nuevo Director Ejecutivo (CEO) <\/h2><div class=\"brf-timeline__panel-text\"><p>Pedro Faria, pasa a ser el nuevo Director Ejecutivo (CEO) de la compa\u00f1\u00eda. Se concluye la venta de la divisi\u00f3n de l\u00e1cteos a Lactalis, por R$ 2,1 mil millones. BRF se torna la primera empresa brasile\u00f1a a invertir en la emisi\u00f3n de Green Bonds.<\/p>\n<\/div><\/div><button class=\"slick-next slick-arrow\" aria-label=\"Next\" type=\"button\" style=\"display: none;\" aria-disabled=\"false\">Next<\/button><\/div><\/div><div class=\"brf-timeline__panel\"><div class=\"brf-timeline__item\"><button class=\"slick-prev slick-arrow\" aria-label=\"Previous\" type=\"button\" aria-disabled=\"false\" style=\"display: none;\">Previous<\/button><div class=\"brf-timeline__panel-content\"><h2 class=\"brf-timeline__panel-title\"><\/h2><div class=\"brf-timeline__panel-text\"><\/div><\/div><button class=\"slick-next slick-arrow\" aria-label=\"Next\" type=\"button\" style=\"display: none;\" aria-disabled=\"false\">Next<\/button><\/div><\/div><div class=\"brf-timeline__panel\"><div class=\"brf-timeline__item\"><button class=\"slick-prev slick-arrow\" aria-label=\"Previous\" type=\"button\" aria-disabled=\"false\" style=\"display: none;\">Previous<\/button><div class=\"brf-timeline__image-container \"><img decoding=\"async\" src=\"https:\/\/www.brf-global.com\/wp-content\/uploads\/2018\/03\/brf_site_linha-do-tempo_v2-39-290x290.png\" class=\"brf-timeline__image\" alt=\"BRF globalizada\"><\/div><div class=\"brf-timeline__panel-content\"><h2 class=\"brf-timeline__panel-title\">BRF globalizada<\/h2><div class=\"brf-timeline__panel-text\"><p>Se crea SATS BRF en Singapur (Asia). En China, la empresa lanza la l\u00ednea de snacks Sadia. En Medio Oriente la compa\u00f1\u00eda adquiere parte de la Qatar National Import and Export (QNIE); en Argentina, compra marcas emblem\u00e1ticas, como Vien\u00edsima (salchichas), Goodmark (hamburguesas), Manty y Delicia(margarina), por medio de las subsidiarias Avex y Quick Foods. Tambi\u00e9n se constituye una nueva joint venture entre BRF, GmbH e IFGL para distribuci\u00f3n de alimentos procesados en Reino Unido, Irlanda y Escandinavia. Adem\u00e1s, se concreta la adquisici\u00f3n de la totalidad de las acciones ordinarias de emisi\u00f3n de Golden Foods Siam, incluyendo sus activos en Tailandia y en Europa. <\/p>\n<\/div><\/div><button class=\"slick-next slick-arrow\" aria-label=\"Next\" type=\"button\" style=\"display: none;\" aria-disabled=\"false\">Next<\/button><\/div><\/div><div class=\"brf-timeline__panel\"><div class=\"brf-timeline__item\"><button class=\"slick-prev slick-arrow\" aria-label=\"Previous\" type=\"button\" aria-disabled=\"false\" style=\"display: none;\">Previous<\/button><div class=\"brf-timeline__image-container \"><img decoding=\"async\" src=\"https:\/\/www.brf-global.com\/wp-content\/uploads\/2018\/03\/brf_site_linha-do-tempo_v2-40-290x290.png\" class=\"brf-timeline__image\" alt=\"BRF y otras adquisiciones\"><\/div><div class=\"brf-timeline__panel-content\"><h2 class=\"brf-timeline__panel-title\">BRF y otras adquisiciones<\/h2><div class=\"brf-timeline__panel-text\"><p>Adquisici\u00f3n de la totalidad las acciones de Alimentos Calchaqu\u00ed Productos, detenedora de las marcas Calchaqui y Bocatti; de Globosu\u00ednos Agropecu\u00e1ria S.A., que incluye una unidad productora de lechones; de la totalidad de las acciones de emisi\u00f3n de Eclipse Holding Cooperatief UA, sociedad holandesa controladora de Campo Austral, grupo de compa\u00f1\u00edas con operaciones comerciales integradas en el mercado de cerdos en Argentina; y de la totalidad de los derechos econ\u00f3micos de Al Khan Foodstuff LLC (\u00abAKF\u00bb), distribuidora de alimentos congelados en el Sultanato de Om\u00e1n.<\/p>\n<\/div><\/div><button class=\"slick-next slick-arrow\" aria-label=\"Next\" type=\"button\" style=\"display: none;\" aria-disabled=\"false\">Next<\/button><\/div><\/div><div class=\"brf-timeline__panel\"><div class=\"brf-timeline__item\"><button class=\"slick-prev slick-arrow\" aria-label=\"Previous\" type=\"button\" aria-disabled=\"false\" style=\"display: none;\">Previous<\/button><div class=\"brf-timeline__image-container \"><img decoding=\"async\" src=\"https:\/\/www.brf-global.com\/wp-content\/uploads\/2018\/03\/brf_site_linha-do-tempo_v2-41-290x290.png\" class=\"brf-timeline__image\" alt=\"BRF Halal\"><\/div><div class=\"brf-timeline__panel-content\"><h2 class=\"brf-timeline__panel-title\">BRF Halal<\/h2><div class=\"brf-timeline__panel-text\"><p>Se constituye la subsidiaria \u00abSadia Halal\u00bb, que detendr\u00e1 los activos relativos a la producci\u00f3n, distribuci\u00f3n y comercializaci\u00f3n de alimentos destinados a los pa\u00edses musulmanes.<\/p>\n<\/div><\/div><button class=\"slick-next slick-arrow\" aria-label=\"Next\" type=\"button\" style=\"display: none;\" aria-disabled=\"false\">Next<\/button><\/div><\/div><\/div> <!-- group --><\/div> <!-- panels --><\/div><\/div>\n<p><!--#endregion CONTENT--><\/p>\n","protected":false},"excerpt":{"rendered":"<p>Conozca los grandes hitos de nuestra compa\u00f1\u00eda, desde su formaci\u00f3n hasta los d\u00edas de hoy.<\/p>\n","protected":false},"author":1,"featured_media":0,"parent":27115,"menu_order":1,"comment_status":"closed","ping_status":"closed","template":"template-pages\/template-level-2.php","meta":{"_acf_changed":false,"footnotes":""},"yst_prominent_words":[],"class_list":["post-27137","page","type-page","status-publish","hentry"],"acf":[],"_links":{"self":[{"href":"https:\/\/www.brf-global.com\/es\/wp-json\/wp\/v2\/pages\/27137","targetHints":{"allow":["GET"]}}],"collection":[{"href":"https:\/\/www.brf-global.com\/es\/wp-json\/wp\/v2\/pages"}],"about":[{"href":"https:\/\/www.brf-global.com\/es\/wp-json\/wp\/v2\/types\/page"}],"author":[{"embeddable":true,"href":"https:\/\/www.brf-global.com\/es\/wp-json\/wp\/v2\/users\/1"}],"replies":[{"embeddable":true,"href":"https:\/\/www.brf-global.com\/es\/wp-json\/wp\/v2\/comments?post=27137"}],"version-history":[{"count":3,"href":"https:\/\/www.brf-global.com\/es\/wp-json\/wp\/v2\/pages\/27137\/revisions"}],"predecessor-version":[{"id":27665,"href":"https:\/\/www.brf-global.com\/es\/wp-json\/wp\/v2\/pages\/27137\/revisions\/27665"}],"up":[{"embeddable":true,"href":"https:\/\/www.brf-global.com\/es\/wp-json\/wp\/v2\/pages\/27115"}],"wp:attachment":[{"href":"https:\/\/www.brf-global.com\/es\/wp-json\/wp\/v2\/media?parent=27137"}],"wp:term":[{"taxonomy":"yst_prominent_words","embeddable":true,"href":"https:\/\/www.brf-global.com\/es\/wp-json\/wp\/v2\/yst_prominent_words?post=27137"}],"curies":[{"name":"wp","href":"https:\/\/api.w.org\/{rel}","templated":true}]}}